{"id":870,"date":"2025-12-08T06:40:11","date_gmt":"2025-12-08T05:40:11","guid":{"rendered":"https:\/\/bellarena.ch\/?post_type=summer&#038;p=870"},"modified":"2026-03-02T12:56:16","modified_gmt":"2026-03-02T11:56:16","slug":"sky-of-augustine-7","status":"publish","type":"summer","link":"https:\/\/bellarena.ch\/de\/summer\/sky-of-augustine-7\/","title":{"rendered":"Star Academy"},"content":{"rendered":"\n\n\n\n<style>\n\/* Hauteur personnalis\u00e9e pour pages int\u00e9rieures *\/\n\n\/* Home page avec VID\u00c9O : forcer 100vh *\/\n\n\/* Overlay personnalis\u00e9 *\/\n\n\/* Couleur du texte *\/\n#arc-hero-69ef91e122e5c .hero-title,\n#arc-hero-69ef91e122e5c .hero-subtitle {\n    color: #ffffff;\n}\n<\/style>\n\n<div id=\"arc-hero-69ef91e122e5c\" class=\"ed-hero-header hero-width-container hero-homepage hero-align-center hero-valign-center hero-media-image wp-embed-aspect-16-9 wp-has-aspect-ratio\">\n    \n            <!-- MODE IMAGE -->\n                    <img decoding=\"async\" src=\"https:\/\/bellarena.ch\/wp-content\/uploads\/2025\/12\/star-academy-header.png\" \n                 alt=\"Hero image\"\n                 class=\"hero-image\">\n            \n\n\n\n\n\n\n\n\n    \n        \n    <\/div>\n<div style=\"height:50px\" aria-hidden=\"true\" class=\"wp-block-spacer wp-embed-aspect-16-9 wp-has-aspect-ratio\"><\/div>\n\n<div class=\"wp-block-group wp-embed-aspect-16-9 wp-has-aspect-ratio is-layout-constrained wp-block-group-is-layout-constrained\">\n<h1 class=\"wp-block-heading\">Star Academy<\/h1>\n\n\n\n<h2 class=\"wp-block-heading\"><strong><strong><strong>Star Academy \u2013 Die neue Generation auf der B\u00fchne<\/strong><\/strong><\/strong><\/h2>\n\n\n\n<div style=\"height:50px\" aria-hidden=\"true\" class=\"wp-block-spacer\"><\/div>\n\n\n\n<div class=\"wp-block-buttons is-content-justification-left is-layout-flex wp-container-core-buttons-is-layout-fdcfc74e wp-block-buttons-is-layout-flex\">\n<div class=\"wp-block-button bt-edition\"><a class=\"wp-block-button__link has-text-align-center wp-element-button\" href=\"https:\/\/bellarena.ch\/en\/summer\/line-up-summer-edition\/\" style=\"border-radius:0px;padding-top:var(--wp--preset--spacing--40);padding-right:var(--wp--preset--spacing--40);padding-bottom:var(--wp--preset--spacing--40);padding-left:var(--wp--preset--spacing--40)\">Zur\u00fcck zum Programm<\/a><\/div>\n\n\n\n<div class=\"wp-block-button bt-edition\"><a class=\"wp-block-button__link has-text-align-center wp-element-button\" href=\"\/billetterie-summer-edition\/\" style=\"border-radius:0px;padding-top:var(--wp--preset--spacing--40);padding-right:var(--wp--preset--spacing--40);padding-bottom:var(--wp--preset--spacing--40);padding-left:var(--wp--preset--spacing--40)\">Buchen Sie Ihre Tickets<\/a><\/div>\n<\/div>\n<\/div>\n\n<div style=\"height:50px\" aria-hidden=\"true\" class=\"wp-block-spacer wp-embed-aspect-16-9 wp-has-aspect-ratio\"><\/div>\n\n<div class=\"wp-block-group wp-embed-aspect-16-9 wp-has-aspect-ratio is-layout-constrained wp-block-group-is-layout-constrained\">\n<div class=\"wp-block-columns is-layout-flex wp-container-core-columns-is-layout-9d6595d7 wp-block-columns-is-layout-flex\">\n<div class=\"wp-block-column is-layout-flow wp-block-column-is-layout-flow\" style=\"flex-basis:66.66%\">\n<p>Seit \u00fcber zwanzig Jahren geh\u00f6rt die <em data-start=\"2133\" data-end=\"2147\">Star Academy<\/em> zu den bekanntesten franz\u00f6sischen TV-Castingshows und hat zahlreiche K\u00fcnstler:innen ins Rampenlicht gebracht. Mit der <strong data-start=\"2266\" data-end=\"2292\">Star Academy Tour 2026<\/strong> wird dieses Erlebnis auf die B\u00fchne gebracht: eine neue Saison mit neuen Talenten, einer frischen Setlist und einer Show, die noch spektakul\u00e4rer inszeniert ist \u2013 mit starken Choreografien und den beliebtesten Songs der Sendung live.<\/p>\n\n\n\n<p>Nach vielen Konzerten in grossen Hallen in Frankreich, Belgien und der Schweiz macht die Star Academy 2026 bei Bellarena Halt. Mit <strong data-start=\"2697\" data-end=\"2735\">\u201edem Besten der Star Academy live\u201c<\/strong> erwartet das Publikum ein mitreissender Abend voller Hits, Emotionen und Ensemble-Momente \u2013 als w\u00fcrde man die Magie des Schlosses f\u00fcr eine Nacht direkt in die BCF Arena verlegen.<\/p>\n<\/div>\n\n\n\n<div class=\"wp-block-column is-layout-flow wp-block-column-is-layout-flow\" style=\"flex-basis:33.33%\"><\/div>\n<\/div>\n<\/div>\n\n<div style=\"height:100px\" aria-hidden=\"true\" class=\"wp-block-spacer footer-height\"><\/div>\n\n<div class=\"wp-block-group footer-newsletter is-style-full-contained has-blanc-background-color has-background is-layout-constrained wp-block-group-is-layout-constrained\">\n<div style=\"height:30px\" aria-hidden=\"true\" class=\"wp-block-spacer\"><\/div>\n\n\n\n<h2 class=\"wp-block-heading has-text-align-center has-noir-color has-text-color has-link-color wp-elements-bb13e7ad6974d01298888925c6a111c9\" style=\"font-style:normal;font-weight:800\">Um nichts zu verpassen<\/h2>\n\n\n\n<p class=\"has-text-align-center has-noir-color has-text-color has-link-color wp-elements-36a13a5f3a7cb6a67a07634a2f481f19\">Melde dich jetzt an und bleib mitten im Geschehen!<\/p>\n\n\n\n<div class=\"wp-block-group footer-form is-content-justification-center is-nowrap is-layout-flex wp-container-core-group-is-layout-94bc23d7 wp-block-group-is-layout-flex\">\n<div class=\"wp-block-columns are-vertically-aligned-center is-layout-flex wp-container-core-columns-is-layout-9d6595d7 wp-block-columns-is-layout-flex\">\n<div class=\"wp-block-column is-vertically-aligned-center is-layout-flow wp-block-column-is-layout-flow\" style=\"flex-basis:100%\">\n\t\t\t<form id=\"sib_signup_form_1\" method=\"post\" class=\"sib_signup_form\">\n\t\t\t\t<div class=\"sib_loader\" style=\"display:none;\"><img\n\t\t\t\t\t\t\tsrc=\"https:\/\/bellarena.ch\/wp-includes\/images\/spinner.gif\" alt=\"loader\"><\/div>\n\t\t\t\t<input type=\"hidden\" name=\"sib_form_action\" value=\"subscribe_form_submit\">\n\t\t\t\t<input type=\"hidden\" name=\"sib_form_id\" value=\"1\">\n                <input type=\"hidden\" name=\"sib_form_alert_notice\" value=\"Remplissez ce champ s\u2019il vous pla\u00eet\">\n                <input type=\"hidden\" name=\"sib_form_invalid_email_notice\" value=\"Cette adresse email n&#039;est pas valide\">\n                <input type=\"hidden\" name=\"sib_security\" value=\"a9ccbd3317\">\n\t\t\t\t<div class=\"sib_signup_box_inside_1\">\n\t\t\t\t\t<div style=\"\/*display:none*\/\" class=\"sib_msg_disp\">\n\t\t\t\t\t<\/div>\n                    \t\t\t\t\t<p class=\"sib-email-area\" style=\"display: flex;gap: 10px\">\r\n    <input type=\"email\" class=\"sib-email-area\" name=\"email\" placeholder=\"Email\" required=\"required\">\r\n    <button type=\"submit\" class=\"sib-default-btn\" style=\"margin: 0;background-color: #000;border: 1px solid #fff\">\r\n        <img loading=\"lazy\" decoding=\"async\" src=\"https:\/\/bellarena.ch\/wp-content\/uploads\/2025\/12\/sent-white.svg\" alt=\"Envoyer\" width=\"20\" height=\"20\">\r\n    <\/button>\r\n<\/p>\t\t\t\t<\/div>\n\t\t\t<\/form>\n\t\t\t<style>\n\t\t\t\tform#sib_signup_form_1 p.sib-alert-message {\n    padding: 6px 12px;\n    margin-bottom: 20px;\n    border: 1px solid transparent;\n    border-radius: 4px;\n    -webkit-box-sizing: border-box;\n    -moz-box-sizing: border-box;\n    box-sizing: border-box;\n}\nform#sib_signup_form_1 p.sib-alert-message-error {\n    background-color: #f2dede;\n    border-color: #ebccd1;\n    color: #a94442;\n}\nform#sib_signup_form_1 p.sib-alert-message-success {\n    background-color: #dff0d8;\n    border-color: #d6e9c6;\n    color: #3c763d;\n}\nform#sib_signup_form_1 p.sib-alert-message-warning {\n    background-color: #fcf8e3;\n    border-color: #faebcc;\n    color: #8a6d3b;\n}\n\t\t\t<\/style>\n\t\t\t\n<\/div>\n<\/div>\n<\/div>\n<\/div>\n\n<div class=\"wp-block-group footer-sponsors is-style-full-contained has-noir-background-color has-background is-layout-constrained wp-block-group-is-layout-constrained\">\n<div style=\"height:50px\" aria-hidden=\"true\" class=\"wp-block-spacer\"><\/div>\n\n\n\n<div class=\"wp-block-columns sponsors-grid is-layout-flex wp-container-core-columns-is-layout-9d6595d7 wp-block-columns-is-layout-flex\">\n<div class=\"wp-block-column is-vertically-aligned-stretch is-layout-flow wp-block-column-is-layout-flow\">\n<figure class=\"wp-block-image aligncenter size-large sponsor-logo\"><a href=\"https:\/\/www.ticketmaster.ch\/?language=fr-ch\" target=\"_blank\" rel=\" noreferrer noopener\"><img decoding=\"async\" src=\"https:\/\/bellarena.ch\/wp-content\/uploads\/2025\/11\/ticketmaster.svg\" alt=\"\" class=\"wp-image-181\"\/><\/a><\/figure>\n\n\n\n<figure class=\"wp-block-image aligncenter size-large sponsor-logo\"><a href=\"https:\/\/frapp.ch\/fr\" target=\"_blank\" rel=\" noreferrer noopener\"><img decoding=\"async\" src=\"https:\/\/bellarena.ch\/wp-content\/uploads\/2026\/03\/logo-frapp.svg\" alt=\"\" class=\"wp-image-1160\"\/><\/a><\/figure>\n\n\n\n<figure class=\"wp-block-image aligncenter size-large sponsor-logo\"><a href=\"https:\/\/donuts-communication.ch\/\" target=\"_blank\" rel=\" noreferrer noopener\"><img decoding=\"async\" src=\"https:\/\/bellarena.ch\/wp-content\/uploads\/2025\/11\/logo-donuts-white.svg\" alt=\"\" class=\"wp-image-173\"\/><\/a><\/figure>\n\n\n\n<figure class=\"wp-block-image aligncenter size-large sponsor-logo\"><a href=\"https:\/\/carac.tv\/\" target=\"_blank\" rel=\" noreferrer noopener\"><img decoding=\"async\" src=\"https:\/\/bellarena.ch\/wp-content\/uploads\/2026\/03\/carac_blanc-normal.svg\" alt=\"\" class=\"wp-image-1064\"\/><\/a><\/figure>\n<\/div>\n\n\n\n<div class=\"wp-block-column is-vertically-aligned-stretch is-layout-flow wp-block-column-is-layout-flow\">\n<figure class=\"wp-block-image aligncenter size-large sponsor-logo\"><a href=\"https:\/\/www.hdi.ch\/\" target=\"_blank\" rel=\" noreferrer noopener\"><img decoding=\"async\" src=\"https:\/\/bellarena.ch\/wp-content\/uploads\/2025\/11\/Hotel-des-innovations.svg\" alt=\"\" class=\"wp-image-169\"\/><\/a><\/figure>\n\n\n\n<figure class=\"wp-block-image aligncenter size-large sponsor-logo\"><a href=\"https:\/\/fribourg.ch\/fr\/fribourg\/\" target=\"_blank\" rel=\" noreferrer noopener\"><img decoding=\"async\" src=\"https:\/\/bellarena.ch\/wp-content\/uploads\/2025\/11\/fribourg-tourisme.svg\" alt=\"\" class=\"wp-image-168\"\/><\/a><\/figure>\n\n\n\n<figure class=\"wp-block-image aligncenter size-large sponsor-logo\"><a href=\"https:\/\/www.mediaone.ch\/fr\" target=\"_blank\" rel=\" noreferrer noopener\"><img decoding=\"async\" src=\"https:\/\/bellarena.ch\/wp-content\/uploads\/2026\/03\/media-one.svg\" alt=\"\" class=\"wp-image-1065\"\/><\/a><\/figure>\n<\/div>\n\n\n\n<div class=\"wp-block-column is-vertically-aligned-stretch is-layout-flow wp-block-column-is-layout-flow\">\n<figure class=\"wp-block-image aligncenter size-large sponsor-logo\"><a href=\"https:\/\/www.apgsga.ch\/fr\/\" target=\"_blank\" rel=\" noreferrer noopener\"><img decoding=\"async\" src=\"https:\/\/bellarena.ch\/wp-content\/uploads\/2025\/11\/sga.svg\" alt=\"\" class=\"wp-image-179\"\/><\/a><\/figure>\n\n\n\n<figure class=\"wp-block-image aligncenter size-large sponsor-logo\"><a href=\"https:\/\/www.proscene.ch\/fr\" target=\"_blank\" rel=\" noreferrer noopener\"><img decoding=\"async\" src=\"https:\/\/bellarena.ch\/wp-content\/uploads\/2026\/02\/logo-pro-scene.svg\" alt=\"\" class=\"wp-image-1051\"\/><\/a><\/figure>\n\n\n\n<figure class=\"wp-block-image aligncenter size-large sponsor-logo\"><a href=\"https:\/\/rouge.ch\/\" target=\"_blank\" rel=\" noreferrer noopener\"><img decoding=\"async\" src=\"https:\/\/bellarena.ch\/wp-content\/uploads\/2026\/03\/rouge-fm-white.svg\" alt=\"\" class=\"wp-image-1068\"\/><\/a><\/figure>\n<\/div>\n\n\n\n<div class=\"wp-block-column is-vertically-aligned-stretch is-layout-flow wp-block-column-is-layout-flow\">\n<figure class=\"wp-block-image aligncenter size-large sponsor-logo\"><a href=\"https:\/\/www.canisius.ch\/\" target=\"_blank\" rel=\" noreferrer noopener\"><img decoding=\"async\" src=\"https:\/\/bellarena.ch\/wp-content\/uploads\/2025\/11\/canisius.svg\" alt=\"\" class=\"wp-image-166\"\/><\/a><\/figure>\n\n\n\n<figure class=\"wp-block-image aligncenter size-large sponsor-logo\"><a href=\"https:\/\/www.ahg-cars.ch\/fr\" target=\"_blank\" rel=\" noreferrer noopener\"><img decoding=\"async\" src=\"https:\/\/bellarena.ch\/wp-content\/uploads\/2026\/02\/logo-ahg.svg\" alt=\"\" class=\"wp-image-1044\"\/><\/a><\/figure>\n\n\n\n<figure class=\"wp-block-image aligncenter size-large sponsor-logo\"><a href=\"https:\/\/www.blick.ch\/fr\/\" target=\"_blank\" rel=\" noreferrer noopener\"><img decoding=\"async\" src=\"https:\/\/bellarena.ch\/wp-content\/uploads\/2025\/11\/Zeichenflache.svg\" alt=\"\" class=\"wp-image-183\"\/><\/a><\/figure>\n<\/div>\n\n\n\n<div class=\"wp-block-column is-vertically-aligned-stretch is-layout-flow wp-block-column-is-layout-flow\">\n<figure class=\"wp-block-image aligncenter size-large sponsor-logo\"><img decoding=\"async\" src=\"https:\/\/bellarena.ch\/wp-content\/uploads\/2025\/12\/merbag-1.svg\" alt=\"\" class=\"wp-image-1020\"\/><\/figure>\n\n\n\n<figure class=\"wp-block-image aligncenter size-large sponsor-logo\"><a href=\"https:\/\/latele.ch\/\" target=\"_blank\" rel=\" noreferrer noopener\"><img decoding=\"async\" src=\"https:\/\/bellarena.ch\/wp-content\/uploads\/2025\/11\/le-tele.svg\" alt=\"\" class=\"wp-image-170\"\/><\/a><\/figure>\n\n\n\n<figure class=\"wp-block-image aligncenter size-large sponsor-logo\"><a href=\"https:\/\/fribourg-olympic.ch\/\" target=\"_blank\" rel=\" noreferrer noopener\"><img decoding=\"async\" src=\"https:\/\/bellarena.ch\/wp-content\/uploads\/2026\/03\/logo-fr-olympic.svg\" alt=\"\" class=\"wp-image-1149\"\/><\/a><\/figure>\n<\/div>\n\n\n\n<div class=\"wp-block-column is-vertically-aligned-stretch is-layout-flow wp-block-column-is-layout-flow\">\n<figure class=\"wp-block-image aligncenter size-large sponsor-logo\"><a href=\"https:\/\/www.tpf.ch\/fr\/\" target=\"_blank\" rel=\" noreferrer noopener\"><img decoding=\"async\" src=\"https:\/\/bellarena.ch\/wp-content\/uploads\/2025\/11\/tpf.svg\" alt=\"\" class=\"wp-image-182\"\/><\/a><\/figure>\n\n\n\n<figure class=\"wp-block-image aligncenter size-large sponsor-logo\"><a href=\"https:\/\/www.radiofr.ch\/fribourg\" target=\"_blank\" rel=\" noreferrer noopener\"><img decoding=\"async\" src=\"https:\/\/bellarena.ch\/wp-content\/uploads\/2025\/11\/radio-fr.svg\" alt=\"\" class=\"wp-image-176\"\/><\/a><\/figure>\n\n\n\n<figure class=\"wp-block-image aligncenter size-large sponsor-logo\"><a href=\"https:\/\/www.lfm.ch\/\" target=\"_blank\" rel=\" noreferrer noopener\"><img decoding=\"async\" src=\"https:\/\/bellarena.ch\/wp-content\/uploads\/2026\/03\/lfm-white.svg\" alt=\"\" class=\"wp-image-1061\"\/><\/a><\/figure>\n<\/div>\n<\/div>\n\n\n\n<div style=\"height:50px\" aria-hidden=\"true\" class=\"wp-block-spacer\"><\/div>\n<\/div>\n\n<div class=\"wp-block-group footer-spacer is-layout-constrained wp-block-group-is-layout-constrained\">\n<div style=\"height:1px\" aria-hidden=\"true\" class=\"wp-block-spacer\"><\/div>\n<\/div>\n\n<div class=\"wp-block-group footer-info is-style-full-contained has-noir-background-color has-background is-layout-constrained wp-block-group-is-layout-constrained\">\n<div style=\"height:50px\" aria-hidden=\"true\" class=\"wp-block-spacer\"><\/div>\n\n\n\n<div class=\"wp-block-columns footer-grid is-layout-flex wp-container-core-columns-is-layout-9d6595d7 wp-block-columns-is-layout-flex\">\n<div class=\"wp-block-column is-layout-flow wp-block-column-is-layout-flow\">\n<p><strong>Art Music production SA<br\/><\/strong>All\u00e9e Paul Cantonneau 9<br\/>1762 Givisiez (Suisse)<\/p>\n\n\n\n<p><a href=\"tel:+41264652828\">+41 26 465 28 28<\/a>\u00a0<\/p>\n\n\n\n<p><a href=\"mailto:info@bellarena.ch\">info@bellarena.ch<\/a><\/p>\n<\/div>\n\n\n\n<div class=\"wp-block-column is-layout-flow wp-block-column-is-layout-flow\">\n<h3 class=\"wp-block-heading has-blanc-color has-text-color has-link-color wp-elements-d2ff5bd5a0c8af81d8da105bbe363139\">Navigation<\/h3>\n\n\n<nav class=\"has-text-color has-blanc-color  is-vertical no-wrap wp-block-navigation is-nowrap is-layout-flex wp-container-core-navigation-is-layout-947ac36b wp-block-navigation-is-layout-flex\" aria-label=\"Navigation\"><ul class=\"wp-block-navigation__container has-text-color has-blanc-color  is-vertical no-wrap wp-block-navigation\"><li class=\" wp-block-navigation-item wp-block-navigation-link\"><a class=\"wp-block-navigation-item__content\"  href=\"https:\/\/bellarena.ch\/bellarena-fribourg\/\"><span class=\"wp-block-navigation-item__label\">Bellarena | Fribourg<\/span><\/a><\/li><li class=\" wp-block-navigation-item wp-block-navigation-link\"><a class=\"wp-block-navigation-item__content\"  href=\"https:\/\/bellarena.ch\/live-sessions\/\"><span class=\"wp-block-navigation-item__label\">Live Sessions<\/span><\/a><\/li><li class=\" wp-block-navigation-item wp-block-navigation-link\"><a class=\"wp-block-navigation-item__content\"  href=\"https:\/\/bellarena.ch\/bcf-arena\/\"><span class=\"wp-block-navigation-item__label\">BCF Arena<\/span><\/a><\/li><li class=\" wp-block-navigation-item wp-block-navigation-link\"><a class=\"wp-block-navigation-item__content\"  href=\"\/photos-des-editions\/\"><span class=\"wp-block-navigation-item__label\">Photos des \u00e9ditions<\/span><\/a><\/li><\/ul><\/nav><\/div>\n\n\n\n<div class=\"wp-block-column is-layout-flow wp-block-column-is-layout-flow\">\n<h3 class=\"wp-block-heading has-blanc-color has-text-color has-link-color wp-elements-dfa131c7ccb2acf3f93de801f59f7610\">Folge uns!<\/h3>\n\n\n\n<div class=\"wp-block-columns is-not-stacked-on-mobile footer-social-icons is-layout-flex wp-container-core-columns-is-layout-9d6595d7 wp-block-columns-is-layout-flex\">\n<div class=\"wp-block-column is-layout-flow wp-block-column-is-layout-flow\">\n<figure class=\"wp-block-image size-large social-icons\"><a href=\"https:\/\/www.instagram.com\/bellarena_indoor_festival\/\" target=\"_blank\" rel=\" noreferrer noopener\"><img decoding=\"async\" src=\"https:\/\/bellarena.ch\/wp-content\/uploads\/2025\/12\/intagram-footer.svg\" alt=\"\" class=\"wp-image-583\"\/><\/a><\/figure>\n<\/div>\n\n\n\n<div class=\"wp-block-column is-layout-flow wp-block-column-is-layout-flow\">\n<figure class=\"wp-block-image size-large social-icons\"><a href=\"https:\/\/www.tiktok.com\/@bellarena_indoorfestival\" target=\"_blank\" rel=\" noreferrer noopener\"><img decoding=\"async\" src=\"https:\/\/bellarena.ch\/wp-content\/uploads\/2025\/12\/tiktok-footer.svg\" alt=\"\" class=\"wp-image-584\"\/><\/a><\/figure>\n<\/div>\n\n\n\n<div class=\"wp-block-column is-layout-flow wp-block-column-is-layout-flow\">\n<figure class=\"wp-block-image size-large social-icons\"><a href=\"https:\/\/www.facebook.com\/bellarena.indoor.festival\/\" target=\"_blank\" rel=\" noreferrer noopener\"><img decoding=\"async\" src=\"https:\/\/bellarena.ch\/wp-content\/uploads\/2025\/12\/facebook-footer.svg\" alt=\"\" class=\"wp-image-582\"\/><\/a><\/figure>\n<\/div>\n<\/div>\n<\/div>\n<\/div>\n\n\n\n<div style=\"height:100px\" aria-hidden=\"true\" class=\"wp-block-spacer\"><\/div>\n<\/div>\n","protected":false},"excerpt":{"rendered":"<p>Star Academy Star Academy \u2013 Die neue Generation auf der B\u00fchne Seit \u00fcber zwanzig Jahren geh\u00f6rt die Star Academy zu den bekanntesten franz\u00f6sischen TV-Castingshows und hat zahlreiche K\u00fcnstler:innen ins Rampenlicht gebracht. Mit der Star Academy Tour 2026 wird dieses Erlebnis auf die B\u00fchne gebracht: eine neue Saison mit neuen Talenten, einer frischen Setlist und einer &#8230; <a title=\"Star Academy\" class=\"read-more\" href=\"https:\/\/bellarena.ch\/de\/summer\/sky-of-augustine-7\/\" aria-label=\"Mehr Informationen \u00fcber Star Academy\">Weiterlesen<\/a><\/p>\n","protected":false},"featured_media":0,"template":"","class_list":["post-870","summer","type-summer","status-publish","hentry"],"acf":[],"_links":{"self":[{"href":"https:\/\/bellarena.ch\/de\/wp-json\/wp\/v2\/summer\/870","targetHints":{"allow":["GET"]}}],"collection":[{"href":"https:\/\/bellarena.ch\/de\/wp-json\/wp\/v2\/summer"}],"about":[{"href":"https:\/\/bellarena.ch\/de\/wp-json\/wp\/v2\/types\/summer"}],"wp:attachment":[{"href":"https:\/\/bellarena.ch\/de\/wp-json\/wp\/v2\/media?parent=870"}],"curies":[{"name":"wp","href":"https:\/\/api.w.org\/{rel}","templated":true}]}}